{"id":22,"date":"2020-05-20T11:12:47","date_gmt":"2020-05-20T09:12:47","guid":{"rendered":"https:\/\/plewa.brands-and-friends.de\/sortiment\/baumarkt\/"},"modified":"2022-04-13T10:57:27","modified_gmt":"2022-04-13T08:57:27","slug":"baumarkt","status":"publish","type":"page","link":"https:\/\/baumarkt-vreden.de\/nl\/sortiment\/baumarkt\/","title":{"rendered":"Bau- und Gartenmarkt"},"content":{"rendered":"\n<figure class=\"wp-block-image size-large subpage-header\"><img decoding=\"async\" src=\"\/wp-content\/uploads\/2020\/07\/baumarkt_header.jpg\" alt=\"\" title=\"\"><\/figure>\n\n\n\n<div class=\"fixed-size content-container garten-container\">\n<!-- Widget Shortcode --><div id=\"bcn_widget-2\" class=\"widget widget_breadcrumb_navxt widget-shortcode area-arbitrary \"><div class=\"breadcrumbs\" vocab=\"https:\/\/schema.org\/\" typeof=\"BreadcrumbList\"><span property=\"itemListElement\" typeof=\"ListItem\"><a property=\"item\" typeof=\"WebPage\" title=\"Go to BAUFUCHS Plewa - Baumarkt Vreden.\" href=\"https:\/\/baumarkt-vreden.de\/nl\" class=\"home\" ><span property=\"name\">BAUFUCHS Plewa - Baumarkt Vreden<\/span><\/a><meta property=\"position\" content=\"1\"><\/span>&gt;<span property=\"itemListElement\" typeof=\"ListItem\"><a property=\"item\" typeof=\"WebPage\" title=\"Go to Startseite.\" href=\"https:\/\/baumarkt-vreden.de\/nl\/startseite\/\" class=\"post-root post post-post\" aria-current=\"page\"><span property=\"name\">Startseite<\/span><\/a><meta property=\"position\" content=\"2\"><\/span><\/div><\/div><!-- \/Widget Shortcode -->\n\n\n\n<div class=\"wp-block-columns is-layout-flex wp-container-core-columns-is-layout-9d6595d7 wp-block-columns-is-layout-flex\">\n<div class=\"wp-block-column sidebar-short is-layout-flow wp-block-column-is-layout-flow\" style=\"flex-basis:33.33%\">\n<div class=\"page-ap\">\n\n<div id=\"wk-884\">\n    <div class=\"uk-panel uk-panel uk-padding-remove uk-overflow-hidden\">\n\n                <div class=\"uk-grid uk-grid-collapse \" data-uk-grid-margin>\n            <div class=\"uk-width-1-1 uk-text-center\">\n                \n<div class=\"uk-slidenav-position\" data-uk-slideshow=\"{animation: 'swipe',autoplay: true }\">\n\n    <ul class=\"uk-slideshow\">\n        \n            <li style=\"min-height: 0px;\">\n                <img decoding=\"async\" src=\"https:\/\/baumarkt-vreden.de\/wp-content\/uploads\/2021\/04\/ToKre.png\" alt=\"Thomas Kremer\" title=\"\">            <\/li>\n\n        \n            <li style=\"min-height: 0px;\">\n                <img decoding=\"async\" src=\"https:\/\/baumarkt-vreden.de\/wp-content\/uploads\/2020\/06\/reinhard_schnieder.png\" alt=\"Reinhard Schnieder\" title=\"\">            <\/li>\n\n        \n            <li style=\"min-height: 0px;\">\n                <img decoding=\"async\" src=\"https:\/\/baumarkt-vreden.de\/wp-content\/uploads\/2020\/06\/anita_gertdenken.png\" alt=\"Anita Gertdenken\" title=\"\">            <\/li>\n\n        \n            <li style=\"min-height: 0px;\">\n                <img decoding=\"async\" src=\"https:\/\/baumarkt-vreden.de\/wp-content\/uploads\/2020\/06\/w_kock.png\" alt=\"Willy Kramer\" title=\"\">            <\/li>\n\n        \n            <li style=\"min-height: 0px;\">\n                <img decoding=\"async\" src=\"https:\/\/baumarkt-vreden.de\/wp-content\/uploads\/2020\/06\/heinrich_lansing.png\" alt=\"Heinrich Lansing\" title=\"\">            <\/li>\n\n        \n            <li style=\"min-height: 0px;\">\n                <img decoding=\"async\" src=\"https:\/\/baumarkt-vreden.de\/wp-content\/uploads\/2020\/06\/dieter_loeffler.png\" alt=\"Dieter L\u00f6ffeler\" title=\"\">            <\/li>\n\n        \n            <li style=\"min-height: 0px;\">\n                <img decoding=\"async\" src=\"https:\/\/baumarkt-vreden.de\/wp-content\/uploads\/2020\/06\/martina_mulder.png\" alt=\"Martina Mulder\" title=\"\">            <\/li>\n\n        \n            <li style=\"min-height: 0px;\">\n                <img decoding=\"async\" src=\"https:\/\/baumarkt-vreden.de\/wp-content\/uploads\/2020\/06\/thomas_rensing.png\" alt=\"Thomas Rensing\" title=\"\">            <\/li>\n\n        \n            <li style=\"min-height: 0px;\">\n                <img decoding=\"async\" src=\"https:\/\/baumarkt-vreden.de\/wp-content\/uploads\/2020\/06\/monika_walz.png\" alt=\"Monika Walz\" title=\"\">            <\/li>\n\n        \n            <li style=\"min-height: 0px;\">\n                <img decoding=\"async\" src=\"https:\/\/baumarkt-vreden.de\/wp-content\/uploads\/2022\/03\/Frank.png\" alt=\"Frank Wessels\" title=\"\">            <\/li>\n\n        \n            <li style=\"min-height: 0px;\">\n                <img decoding=\"async\" src=\"https:\/\/baumarkt-vreden.de\/wp-content\/uploads\/2020\/08\/henrik-bramkamp.png\" alt=\"Henrik Bramkamp (Azubi)\" title=\"\">            <\/li>\n\n        \n            <li style=\"min-height: 0px;\">\n                <img decoding=\"async\" src=\"https:\/\/baumarkt-vreden.de\/wp-content\/uploads\/2024\/03\/Lissy.png\" alt=\"Lina Lesker\" title=\"\">            <\/li>\n\n            <\/ul>\n\n        <a href=\"#\" class=\"uk-slidenav uk-slidenav-contrast uk-slidenav-previous uk-hidden-touch\" data-uk-slideshow-item=\"previous\"><\/a>\n    <a href=\"#\" class=\"uk-slidenav uk-slidenav-contrast uk-slidenav-next uk-hidden-touch\" data-uk-slideshow-item=\"next\"><\/a>\n    \n    \n<\/div>\n            <\/div>\n            <div class=\"uk-width-1-1\">\n        \n        <div class=\"uk-panel-body uk-text-left\" data-uk-slideshow=\"{autoplay: true }\">\n            <ul class=\"uk-slideshow\">\n                \n                <li>\n\n                    \n                                        <div class=\" uk-margin-top\">\n<p class=\"ap-fuer\"><strong>IHR ANSPRECHPARTNER F\u00dcR EISENWAREN, WERKZEUGE, AUTO &#038; ZWEIRAD.<\/strong><\/p>\n\n\n\n<p class=\"ap-standort\"><em>Bau- &#038; Gartenmarkt Vreden<\/em><\/p>\n\n\n\n<h4 class=\"ap-name wp-block-heading\">Thomas Kremer<br><em>Berater Eisenwaren, Werkzeuge, Auto &#038; Zweirad<\/em><\/h4>\n\n\n\n<figure class=\"wp-block-table ap-tabelle\"><table><tbody><tr><td><i class=\"fa fa-phone\" aria-hidden=\"true\"><\/i><\/td><td><a href=\"tel:+492564936553\" class=\"rank-math-link\">02564-936553<\/a><\/td><\/tr><tr><td><i class=\"fa fa-envelope\" aria-hidden=\"true\"><\/i><\/td><td><a href=\"mailto:thomas.kremer@baufuchs-plewa.de\" class=\"rank-math-link\">thomas.kremer@baufuchs-plewa.de<\/a><\/td><\/tr><\/tbody><\/table><\/figure>\n\n\n\n<p><\/p>\n<\/div>\n                    \n                    \n                <\/li>\n\n            \n                <li>\n\n                    \n                                        <div class=\" uk-margin-top\">\n<p class=\"ap-fuer\"><strong>STV. MARKTLEITER &#038; IHR ANSPRECHPARTNER F\u00dcR<br>FARBEN, TAPETEN &#038; UNSEREN FARBMISCHSERVICE.<\/strong><\/p>\n\n\n\n<p class=\"ap-standort\"><em>Bau- &#038; Gartenmarkt Vreden<\/em><\/p>\n\n\n\n<h4 class=\"ap-name wp-block-heading\">Reinhard Schnieder<br><em>Stv. Marktleiter &#038; Berater Farben &#038; Tapeten<\/em><\/h4>\n\n\n\n<figure class=\"wp-block-table ap-tabelle\"><table><tbody><tr><td><i class=\"fa fa-phone\" aria-hidden=\"true\"><\/i><\/td><td><a href=\"tel:+492564936556\" class=\"rank-math-link\">02564-936556<\/a><\/td><\/tr><tr><td><i class=\"fa fa-envelope\" aria-hidden=\"true\"><\/i><\/td><td><a href=\"mailto:reinhard.schnieder@baufuchs-plewa.de\" class=\"rank-math-link\">reinhard.schnieder@baufuchs-plewa.de<\/a><\/td><\/tr><\/tbody><\/table><\/figure>\n\n\n\n<p><\/p>\n<\/div>\n                    \n                    \n                <\/li>\n\n            \n                <li>\n\n                    \n                                        <div class=\" uk-margin-top\">\n<p class=\"ap-fuer\"><strong>IHRE ANSPRECHPARTNERIN F\u00dcR<br>HAUSHALTSWAREN, INNENDEKORATION, GARTENM\u00d6BEL &#038; T\u00d6PFE<\/strong>.<\/p>\n\n\n\n<p class=\"ap-standort\"><em>Bau- &#038; Gartenmarkt Vreden<\/em><\/p>\n\n\n\n<h4 class=\"ap-name wp-block-heading\">Anita Gertdenken<br><em>Beraterin Haushaltswaren, Innendekoration, Gartenm\u00f6bel &#038; T\u00f6pfe<\/em><\/h4>\n\n\n\n<figure class=\"wp-block-table ap-tabelle\"><table><tbody><tr><td><i class=\"fa fa-phone\" aria-hidden=\"true\"><\/i><\/td><td><a href=\"tel:+492564936552\" class=\"rank-math-link\">02564-936552<\/a><\/td><\/tr><tr><td><i class=\"fa fa-envelope\" aria-hidden=\"true\"><\/i><\/td><td><a href=\"mailto:anita.gertdenken@baufuchs-plewa.de\" class=\"rank-math-link\">anita.gertdenken@baufuchs-plewa.de<\/a><\/td><\/tr><\/tbody><\/table><\/figure>\n\n\n\n<p><\/p>\n<\/div>\n                    \n                    \n                <\/li>\n\n            \n                <li>\n\n                    \n                                        <div class=\" uk-margin-top\">\n<p class=\"ap-fuer\"><strong>MARKTLEITUNG &#038; IHR ANSPRECHPARTNER F\u00dcR<br>ELEKTRO, SANIT\u00c4R, HEIZUNG &#038; KLIMA.<\/strong><\/p>\n\n\n\n<p class=\"ap-standort\"><em>Bau- &#038; Gartenmarkt Vreden<\/em><\/p>\n\n\n\n<h4 class=\"ap-name wp-block-heading\">Willy Kramer<br><em>Marktleitung &#038; Berater Elektro, Sanit\u00e4r, Heizung &#038; Klima<\/em><\/h4>\n\n\n\n<figure class=\"wp-block-table ap-tabelle\"><table><tbody><tr><td><i class=\"fa fa-phone\" aria-hidden=\"true\"><\/i><\/td><td><a href=\"tel:+492564936554\" class=\"rank-math-link\">02564-936554<\/a><\/td><\/tr><tr><td><i class=\"fa fa-envelope\" aria-hidden=\"true\"><\/i><\/td><td><a href=\"mailto:willy.kramer@baufuchs-plewa.de\" class=\"rank-math-link\">willy.kramer@baufuchs-plewa.de<\/a><\/td><\/tr><\/tbody><\/table><\/figure>\n\n\n\n<p><\/p>\n<\/div>\n                    \n                    \n                <\/li>\n\n            \n                <li>\n\n                    \n                                        <div class=\" uk-margin-top\">\n<p class=\"ap-fuer\"><strong>IHR ANSPRECHPARTNER F\u00dcR EISENWAREN, WERKZEUGE, AUTO &#038; ZWEIRAD<\/strong><\/p>\n\n\n\n<p class=\"ap-standort\"><em>Bau- &#038; Gartenmarkt Vreden<\/em><\/p>\n\n\n\n<h4 class=\"ap-name wp-block-heading\">Heinrich Lansing<br><em>Berater Eisenwaren, Werkzeuge, Auto &#038; Zweirad<\/em><\/h4>\n\n\n\n<figure class=\"wp-block-table ap-tabelle\"><table><tbody><tr><td><i class=\"fa fa-phone\" aria-hidden=\"true\"><\/i><\/td><td><a href=\"tel:+492564936553\" class=\"rank-math-link\">02564-936553<\/a><\/td><\/tr><tr><td><i class=\"fa fa-envelope\" aria-hidden=\"true\"><\/i><\/td><td><a href=\"mailto:info@baufuchs-plewa.de\" class=\"rank-math-link\">info@baufuchs-plewa.de<\/a><\/td><\/tr><\/tbody><\/table><\/figure>\n\n\n\n<p><\/p>\n<\/div>\n                    \n                    \n                <\/li>\n\n            \n                <li>\n\n                    \n                                        <div class=\" uk-margin-top\">\n<p class=\"ap-fuer\"><strong>IHR ANSPRECHPARTNER F\u00dcR<br>FARBEN &#038; TAPETEN.<\/strong><\/p>\n\n\n\n<p class=\"ap-standort\"><em>Bau- &#038; Gartenmarkt Vreden<\/em><\/p>\n\n\n\n<h4 class=\"ap-name wp-block-heading\">Dieter L\u00f6ffler<br><em>Berater Farben &#038; Tapeten<\/em><\/h4>\n\n\n\n<figure class=\"wp-block-table ap-tabelle\"><table><tbody><tr><td><i class=\"fa fa-phone\" aria-hidden=\"true\"><\/i><\/td><td><a href=\"tel:+492564936556\" class=\"rank-math-link\">02564-936556<\/a><\/td><\/tr><tr><td><i class=\"fa fa-envelope\" aria-hidden=\"true\"><\/i><\/td><td><a href=\"mailto:info@baufuchs-plewa.de\" class=\"rank-math-link\">info@baufuchs-plewa.de<\/a><\/td><\/tr><\/tbody><\/table><\/figure>\n\n\n\n<p><\/p>\n<\/div>\n                    \n                    \n                <\/li>\n\n            \n                <li>\n\n                    \n                                        <div class=\" uk-margin-top\">\n<p class=\"ap-fuer\"><strong>IHRE ANSPRECHPARTNERIN F\u00dcR<br>HAUSHALTSWAREN, INNENDEKORATION, GARTENM\u00d6BEL &#038; T\u00d6PFE<\/strong>.<\/p>\n\n\n\n<p class=\"ap-standort\"><em>Bau- &#038; Gartenmarkt Vreden<\/em><\/p>\n\n\n\n<h4 class=\"ap-name wp-block-heading\">Martina Mulder<br><em>Beraterin Haushaltswaren, Innendekoration, Gartenm\u00f6bel &#038; T\u00f6pfe<\/em><\/h4>\n\n\n\n<figure class=\"wp-block-table ap-tabelle\"><table><tbody><tr><td><i class=\"fa fa-phone\" aria-hidden=\"true\"><\/i><\/td><td><a href=\"tel:+492564936558\" class=\"rank-math-link\">02564-936558<\/a><\/td><\/tr><tr><td><i class=\"fa fa-envelope\" aria-hidden=\"true\"><\/i><\/td><td><a href=\"mailto:martina.mulder@baufuchs-plewa.de\" class=\"rank-math-link\">martina.mulder@baufuchs-plewa.de<\/a><\/td><\/tr><\/tbody><\/table><\/figure>\n\n\n\n<p><\/p>\n<\/div>\n                    \n                    \n                <\/li>\n\n            \n                <li>\n\n                    \n                                        <div class=\" uk-margin-top\">\n<p class=\"ap-fuer\"><strong>IHR ANSPRECHPARTNER F\u00dcR<br>BAUSTOFFE &#038; HOLZZUSCHNITTE.<\/strong><\/p>\n\n\n\n<p class=\"ap-standort\"><em>Bau- &#038; Gartenmarkt Vreden<\/em><\/p>\n\n\n\n<h4 class=\"ap-name wp-block-heading\">Thomas Rensing<br><em>Berater Baustoffe &#038; Holzzuschnitte<\/em><\/h4>\n\n\n\n<figure class=\"wp-block-table ap-tabelle\"><table><tbody><tr><td><i class=\"fa fa-phone\" aria-hidden=\"true\"><\/i><\/td><td><a href=\"tel:+492564936559\" class=\"rank-math-link\">02564-936559<\/a><\/td><\/tr><tr><td><i class=\"fa fa-envelope\" aria-hidden=\"true\"><\/i><\/td><td><a href=\"mailto:thomas.rensing@baufuchs-plewa.de\" class=\"rank-math-link\">thomas.rensing@baufuchs-plewa.de<\/a><\/td><\/tr><\/tbody><\/table><\/figure>\n\n\n\n<p><\/p>\n<\/div>\n                    \n                    \n                <\/li>\n\n            \n                <li>\n\n                    \n                                        <div class=\" uk-margin-top\">\n<p class=\"ap-fuer\"><strong>IHRE ANSPRECHPARTNERIN F\u00dcR<br>PFLANZEN.<\/strong><\/p>\n\n\n\n<p class=\"ap-standort\"><em>Bau- und Gartenmarkt Vreden<\/em><\/p>\n\n\n\n<h4 class=\"ap-name wp-block-heading\">Monika Walz<br><em>Beraterin Pflanzen<\/em><\/h4>\n\n\n\n<figure class=\"wp-block-table ap-tabelle\"><table><tbody><tr><td><i class=\"fa fa-phone\" aria-hidden=\"true\"><\/i><\/td><td><a href=\"tel:+492564936569\" class=\"rank-math-link\">02564-936569<\/a><\/td><\/tr><tr><td><i class=\"fa fa-envelope\" aria-hidden=\"true\"><\/i><\/td><td><a href=\"mailto:monika.walz@baufuchs-plewa.de\" class=\"rank-math-link\">monika.walz@baufuchs-plewa.de<\/a><\/td><\/tr><\/tbody><\/table><\/figure>\n\n\n\n<p><\/p>\n<\/div>\n                    \n                    \n                <\/li>\n\n            \n                <li>\n\n                    \n                                        <div class=\" uk-margin-top\">\n<p class=\"ap-fuer\"><strong>IHR ANSPRECHPARTNER F\u00dcR<br>BAUSTOFFE &#038; HOLZZUSCHNITTE.<\/strong><\/p>\n\n\n\n<p class=\"ap-standort\"><em>Bau- &#038; Gartenmarkt Vreden<\/em><\/p>\n\n\n\n<h4 class=\"ap-name wp-block-heading\">Thomas Rensing<br><em>Berater Baustoffe &#038; Holzzuschnitte<\/em><\/h4>\n\n\n\n<figure class=\"wp-block-table ap-tabelle\"><table><tbody><tr><td><i class=\"fa fa-phone\" aria-hidden=\"true\"><\/i><\/td><td><a href=\"tel:+492564936559\" class=\"rank-math-link\">02564-936559<\/a><\/td><\/tr><tr><td><i class=\"fa fa-envelope\" aria-hidden=\"true\"><\/i><\/td><td><a href=\"mailto:thomas.rensing@baufuchs-plewa.de\" class=\"rank-math-link\">thomas.rensing@baufuchs-plewa.de<\/a><\/td><\/tr><\/tbody><\/table><\/figure>\n\n\n\n<p><\/p>\n<\/div>\n                    \n                    \n                <\/li>\n\n            \n                <li>\n\n                    \n                                        <div class=\" uk-margin-top\">\n<p class=\"ap-fuer\"><strong>IHRE ANSPRECHPARTNERIN IN DER BERATUNG.<\/strong><\/p>\n\n\n\n<p class=\"ap-standort\"><em>Bau- &#038; Gartenmarkt<\/em> <em>Vreden<\/em><\/p>\n\n\n\n<h4 class=\"ap-name wp-block-heading\">Kira G\u00f6ring (Azubi)<br><em>Beraterin<\/em><\/h4>\n\n\n\n<figure class=\"wp-block-table ap-tabelle\"><table><tbody><tr><td><i class=\"fa fa-phone\" aria-hidden=\"true\"><\/i><\/td><td><a href=\"tel:+492564936568\" class=\"rank-math-link\">02564-936568<\/a><\/td><\/tr><tr><td><i class=\"fa fa-envelope\" aria-hidden=\"true\"><\/i><\/td><td><a href=\"mailto:kira.goering@baufuchs-plewa.de\" class=\"rank-math-link\">kira.goering@baufuchs-plewa.de<\/a><\/td><\/tr><\/tbody><\/table><\/figure>\n\n\n\n<p><\/p>\n<\/div>\n                    \n                    \n                <\/li>\n\n            \n                <li>\n\n                    \n                                        <div class=\" uk-margin-top\">\n<p class=\"ap-fuer\"><strong>IHRE ANSPRECHPARTNERIN AN DER KASSE.<\/strong><\/p>\n\n\n\n<p class=\"ap-standort\"><em>Bau &#038; Gartenmarkt Vreden<\/em><\/p>\n\n\n\n<h4 class=\"ap-name wp-block-heading\">Lina Lesker<br><em>Kassenteam<\/em><\/h4>\n\n\n\n<figure class=\"wp-block-table ap-tabelle\"><table><tbody><tr><td><i class=\"fa fa-phone\" aria-hidden=\"true\"><\/i><\/td><td>02564-936551<\/td><\/tr><tr><td><i class=\"fa fa-envelope\" aria-hidden=\"true\"><\/i><\/td><td>info@baufuchs-plewa.de<\/td><\/tr><\/tbody><\/table><\/figure>\n<\/div>\n                    \n                    \n                <\/li>\n\n                        <\/ul>\n\n            \n        <\/div>\n\n                    <\/div>\n        <\/div>\n        \n    <\/div>\n<\/div>\n\n<script>\n\n    (function($){\n\n        var settings   = {\"panel\":\"blank\",\"nav\":\"none\",\"nav_overlay\":true,\"nav_align\":\"center\",\"thumbnail_width\":\"70\",\"thumbnail_height\":\"70\",\"thumbnail_alt\":false,\"slidenav\":\"default\",\"nav_contrast\":true,\"animation\":\"swipe\",\"slices\":\"15\",\"duration\":\"500\",\"autoplay\":true,\"interval\":\"7000\",\"autoplay_pause\":true,\"kenburns\":false,\"kenburns_animation\":\"\",\"kenburns_duration\":\"15\",\"fullscreen\":false,\"min_height\":\"0\",\"media\":true,\"image_width\":\"auto\",\"image_height\":\"auto\",\"media_align\":\"top\",\"media_width\":\"1-2\",\"media_breakpoint\":\"medium\",\"content_align\":true,\"title\":false,\"content\":true,\"title_size\":\"h3\",\"content_size\":\"\",\"text_align\":\"left\",\"link\":false,\"link_style\":\"button\",\"link_text\":\"Read more\",\"badge\":false,\"badge_style\":\"badge\",\"link_target\":false,\"class\":\"\",\"id\":\"884\"},\n            container  = $('#wk-884'),\n            slideshows = container.find('[data-uk-slideshow]');\n\n        if (slideshows.length > 1) {\n            container.on('beforeshow.uk.slideshow', function(e, next) {\n                slideshows.not(next.closest('[data-uk-slideshow]')[0]).data('slideshow').show(next.index());\n            });\n        }\n\n        if (settings.autoplay && settings.autoplay_pause) {\n\n            container.on({\n                mouseenter: function() {\n                    slideshows.each(function(){\n                        $(this).data('slideshow').stop();\n                    });\n                },\n                mouseleave: function() {\n                    slideshows.each(function(){\n                        $(this).data('slideshow').start();\n                    });\n                }\n            });\n        }\n\n    })(jQuery);\n\n<\/script>\n\n<\/div>\n<div class=\"sidebar-standorte\">\n\n\n\n<h6 class=\"wp-block-heading\">UNSER SORTIMENT:<\/h6>\n\n\n\n<ul class=\"wp-block-list\"><li>Auto\/Zweirad<\/li><li>Baustoffe<\/li><li>Eisenwaren<\/li><li>Elektro<\/li><li>Farben\/Tapeten<\/li><li>Garten<\/li><li>Haushalt\/Innendekorationen<\/li><li>Heizen\/Klima<\/li><li>Holz\/Holzzuschnitt<\/li><li>Sanit\u00e4r<\/li><li>\u00dcberwachung\/ Sicherheitstechnik<\/li><li>Teichzubeh\u00f6r <\/li><li>Tierbedarf<\/li><li>Werkzeuge\/Maschinen<\/li><\/ul>\n\n\n\n<\/div>\n\n\n\n\n<\/div>\n\n\n\n<div class=\"wp-block-column is-layout-flow wp-block-column-is-layout-flow\" style=\"flex-basis:66.66%\">\n<h2 class=\"wp-block-heading\">Bau- und Gartenmarkt<\/h2>\n\n\n\n<p>Bei uns finden Sie mehr als Sie erwarten! Unser breites Sortiment wird laufend aktualisiert. Getreu unserem Motto \u201eSo nah, so gut, so passt\u2019s\u201c sind wir Ihr Nahversorger vor Ort. Eine pers\u00f6nliche und fachlich ausf\u00fchrliche Beratung ist f\u00fcr uns selbstverst\u00e4ndlich.<\/p>\n\n\n\n<p>In unseren Regalen finden Sie Eisenwaren, Gartenbedarf &#038; Bew\u00e4sserungszubeh\u00f6r, Holz, Lampen, Elektro- und Sanit\u00e4rbedarf, Farben, Tapeten, \u00d6fen, Pflanzen, Werkzeuge &nbsp;und vieles mehr. Sollten Sie trotzdem einmal nicht f\u00fcndig werden, bestellen wir Ihnen gerne Ihren Wunschartikel. Fachmarktspezifische Leistungen runden unser Service-Paket ab.<\/p>\n\n\n\n<p>Wir sind f\u00fcr Sie da. Wo Sie und wir wohnen. Und bauen. Und basteln, g\u00e4rtnern, renovieren \u2026<\/p>\n\n\n\n<p><\/p>\n\n\n\n<div class=\"wp-block-columns img-block is-layout-flex wp-container-core-columns-is-layout-9d6595d7 wp-block-columns-is-layout-flex\">\n<div class=\"wp-block-column is-layout-flow wp-block-column-is-layout-flow\">\n<figure class=\"wp-block-image size-large\"><img decoding=\"async\" src=\"\/wp-content\/uploads\/2020\/07\/auto_zweirad_baumarkt.jpg\" alt=\"\" title=\"\"><figcaption>Auto\/Zweirad<\/figcaption><\/figure>\n\n\n\n<figure class=\"wp-block-image size-large\"><img decoding=\"async\" src=\"\/wp-content\/uploads\/2020\/07\/elektro_baumarkt.jpg\" alt=\"\" title=\"\"><figcaption>Elektro<\/figcaption><\/figure>\n\n\n\n<figure class=\"wp-block-image size-large\"><img decoding=\"async\" src=\"\/wp-content\/uploads\/2020\/07\/innendeko_haushalt__baumarkt-1.jpg\" alt=\"\" title=\"\"><figcaption>Haushalt\/Innendekor<\/figcaption><\/figure>\n\n\n\n<figure class=\"wp-block-image size-large\"><img decoding=\"async\" src=\"\/wp-content\/uploads\/2020\/08\/sanitaer_baumarkt-1024x972.jpg\" alt=\"\" title=\"\"><figcaption>Sanit\u00e4r<\/figcaption><\/figure>\n<\/div>\n\n\n\n<div class=\"wp-block-column is-layout-flow wp-block-column-is-layout-flow\">\n<figure class=\"wp-block-image size-large\"><img decoding=\"async\" src=\"\/wp-content\/uploads\/2020\/07\/baustoffe_baumarkt.jpg\" alt=\"\" title=\"\"><figcaption>Baustoffe<\/figcaption><\/figure>\n\n\n\n<figure class=\"wp-block-image size-large\"><img decoding=\"async\" src=\"\/wp-content\/uploads\/2020\/07\/farbe_tapete_baumarkt.jpg\" alt=\"\" title=\"\"><figcaption>Farben\/Tapeten<\/figcaption><\/figure>\n\n\n\n<figure class=\"wp-block-image size-large\"><img decoding=\"async\" src=\"\/wp-content\/uploads\/2020\/07\/holz_baumarkt.jpg\" alt=\"\" title=\"\"><figcaption>Holz\/Holzzuschnitt<\/figcaption><\/figure>\n\n\n\n<figure class=\"wp-block-image size-large\"><img decoding=\"async\" src=\"\/wp-content\/uploads\/2020\/07\/tierbedarf_baumarkt.jpg\" alt=\"\" title=\"\"><figcaption>Tierbedarf<\/figcaption><\/figure>\n<\/div>\n\n\n\n<div class=\"wp-block-column is-layout-flow wp-block-column-is-layout-flow\">\n<figure class=\"wp-block-image size-large\"><img decoding=\"async\" src=\"\/wp-content\/uploads\/2020\/07\/eisenware_baumarkt.jpg\" alt=\"\" title=\"\"><figcaption>Eisenwaren<\/figcaption><\/figure>\n\n\n\n<figure class=\"wp-block-image size-large\"><img decoding=\"async\" src=\"\/wp-content\/uploads\/2020\/09\/baumarkt_garten.jpg\" alt=\"\" title=\"\"><figcaption>Garten<\/figcaption><\/figure>\n\n\n\n<figure class=\"wp-block-image size-large\"><img decoding=\"async\" src=\"\/wp-content\/uploads\/2020\/07\/heizen_klima_baumarkt.jpg\" alt=\"\" title=\"\"><figcaption>Heizen\/Klima<\/figcaption><\/figure>\n\n\n\n<figure class=\"wp-block-image size-large\"><img decoding=\"async\" src=\"\/wp-content\/uploads\/2020\/07\/baumarkt_werkzeuge.jpg\" alt=\"\" title=\"\"><figcaption>Werkzeuge\/Maschinen<\/figcaption><\/figure>\n<\/div>\n<\/div>\n\n\n\n\n<\/div>\n<\/div>\n\n\n\n<\/div>\n","protected":false},"excerpt":{"rendered":"<p>UNSER SORTIMENT: Auto\/Zweirad Baustoffe Eisenwaren Elektro Farben\/Tapeten Garten Haushalt\/Innendekorationen Heizen\/Klima Holz\/Holzzuschnitt Sanit\u00e4r \u00dcberwachung\/ Sicherheitstechnik Teichzubeh\u00f6r Tierbedarf Werkzeuge\/Maschinen Bau- und Gartenmarkt Bei uns finden Sie mehr als Sie erwarten! Unser breites Sortiment wird laufend aktualisiert. Getreu unserem Motto \u201eSo nah, so gut, so passt\u2019s\u201c sind wir Ihr Nahversorger vor Ort. Eine pers\u00f6nliche und fachlich ausf\u00fchrliche Beratung [&hellip;]<\/p>\n","protected":false},"author":1,"featured_media":0,"parent":13,"menu_order":40,"comment_status":"closed","ping_status":"closed","template":"","meta":{"_acf_changed":false,"_uag_custom_page_level_css":"","footnotes":""},"class_list":["post-22","page","type-page","status-publish","hentry"],"acf":[],"uagb_featured_image_src":{"full":false,"thumbnail":false,"medium":false,"medium_large":false,"large":false,"1536x1536":false,"2048x2048":false},"uagb_author_info":{"display_name":"bandf","author_link":"https:\/\/baumarkt-vreden.de\/nl\/author\/bandf\/"},"uagb_comment_info":0,"uagb_excerpt":"UNSER SORTIMENT: Auto\/Zweirad Baustoffe Eisenwaren Elektro Farben\/Tapeten Garten Haushalt\/Innendekorationen Heizen\/Klima Holz\/Holzzuschnitt Sanit\u00e4r \u00dcberwachung\/ Sicherheitstechnik Teichzubeh\u00f6r Tierbedarf Werkzeuge\/Maschinen Bau- und Gartenmarkt Bei uns finden Sie mehr als Sie erwarten! Unser breites Sortiment wird laufend aktualisiert. Getreu unserem Motto \u201eSo nah, so gut, so passt\u2019s\u201c sind wir Ihr Nahversorger vor Ort. Eine pers\u00f6nliche und fachlich ausf\u00fchrliche Beratung&hellip;","_links":{"self":[{"href":"https:\/\/baumarkt-vreden.de\/nl\/wp-json\/wp\/v2\/pages\/22","targetHints":{"allow":["GET"]}}],"collection":[{"href":"https:\/\/baumarkt-vreden.de\/nl\/wp-json\/wp\/v2\/pages"}],"about":[{"href":"https:\/\/baumarkt-vreden.de\/nl\/wp-json\/wp\/v2\/types\/page"}],"author":[{"embeddable":true,"href":"https:\/\/baumarkt-vreden.de\/nl\/wp-json\/wp\/v2\/users\/1"}],"replies":[{"embeddable":true,"href":"https:\/\/baumarkt-vreden.de\/nl\/wp-json\/wp\/v2\/comments?post=22"}],"version-history":[{"count":23,"href":"https:\/\/baumarkt-vreden.de\/nl\/wp-json\/wp\/v2\/pages\/22\/revisions"}],"predecessor-version":[{"id":3939,"href":"https:\/\/baumarkt-vreden.de\/nl\/wp-json\/wp\/v2\/pages\/22\/revisions\/3939"}],"up":[{"embeddable":true,"href":"https:\/\/baumarkt-vreden.de\/nl\/wp-json\/wp\/v2\/pages\/13"}],"wp:attachment":[{"href":"https:\/\/baumarkt-vreden.de\/nl\/wp-json\/wp\/v2\/media?parent=22"}],"curies":[{"name":"wp","href":"https:\/\/api.w.org\/{rel}","templated":true}]}}