{"id":24,"date":"2020-05-20T11:12:47","date_gmt":"2020-05-20T09:12:47","guid":{"rendered":"https:\/\/plewa.brands-and-friends.de\/sortiment\/boeden\/"},"modified":"2021-11-05T12:35:23","modified_gmt":"2021-11-05T11:35:23","slug":"boeden","status":"publish","type":"page","link":"https:\/\/baumarkt-vreden.de\/nl\/sortiment\/boeden\/","title":{"rendered":"B\u00f6den"},"content":{"rendered":"\n<figure class=\"wp-block-image size-full subpage-header\"><img fetchpriority=\"high\" decoding=\"async\" width=\"1750\" height=\"322\" src=\"https:\/\/baumarkt-vreden.de\/wp-content\/uploads\/2021\/04\/boeden_header_neu_v01.jpeg\" alt=\"\" class=\"wp-image-3479\" title=\"\" srcset=\"https:\/\/baumarkt-vreden.de\/wp-content\/uploads\/2021\/04\/boeden_header_neu_v01.jpeg 1750w, https:\/\/baumarkt-vreden.de\/wp-content\/uploads\/2021\/04\/boeden_header_neu_v01-300x55.jpeg 300w, https:\/\/baumarkt-vreden.de\/wp-content\/uploads\/2021\/04\/boeden_header_neu_v01-1024x188.jpeg 1024w, https:\/\/baumarkt-vreden.de\/wp-content\/uploads\/2021\/04\/boeden_header_neu_v01-768x141.jpeg 768w, https:\/\/baumarkt-vreden.de\/wp-content\/uploads\/2021\/04\/boeden_header_neu_v01-1536x283.jpeg 1536w\" sizes=\"(max-width: 1750px) 100vw, 1750px\" \/><\/figure>\n\n\n\n<div class=\"fixed-size content-container garten-container\">\n<!-- Widget Shortcode --><div id=\"bcn_widget-2\" class=\"widget widget_breadcrumb_navxt widget-shortcode area-arbitrary \"><div class=\"breadcrumbs\" vocab=\"https:\/\/schema.org\/\" typeof=\"BreadcrumbList\"><span property=\"itemListElement\" typeof=\"ListItem\"><a property=\"item\" typeof=\"WebPage\" title=\"Go to BAUFUCHS Plewa - Baumarkt Vreden.\" href=\"https:\/\/baumarkt-vreden.de\/nl\" class=\"home\" ><span property=\"name\">BAUFUCHS Plewa - Baumarkt Vreden<\/span><\/a><meta property=\"position\" content=\"1\"><\/span>&gt;<span property=\"itemListElement\" typeof=\"ListItem\"><a property=\"item\" typeof=\"WebPage\" title=\"Go to Startseite.\" href=\"https:\/\/baumarkt-vreden.de\/nl\/startseite\/\" class=\"post-root post post-post\" aria-current=\"page\"><span property=\"name\">Startseite<\/span><\/a><meta property=\"position\" content=\"2\"><\/span><\/div><\/div><!-- \/Widget Shortcode -->\n\n\n\n<div class=\"wp-block-columns is-layout-flex wp-container-core-columns-is-layout-9d6595d7 wp-block-columns-is-layout-flex\">\n<div class=\"wp-block-column .sidebar-short is-layout-flow wp-block-column-is-layout-flow\" style=\"flex-basis:33.33%\">\n<div class=\"page-ap\">\n\n<div id=\"wk-7eb\">\n    <div class=\"uk-panel uk-panel uk-padding-remove uk-overflow-hidden\">\n\n                <div class=\"uk-grid uk-grid-collapse \" data-uk-grid-margin>\n            <div class=\"uk-width-1-1 uk-text-center\">\n                \n<div class=\"uk-slidenav-position\" data-uk-slideshow=\"{animation: 'swipe',autoplay: true }\">\n\n    <ul class=\"uk-slideshow\">\n        \n            <li style=\"min-height: 0px;\">\n                <img decoding=\"async\" src=\"https:\/\/baumarkt-vreden.de\/wp-content\/uploads\/2020\/06\/markus_hubbeling.png\" alt=\"Markus Hubbeling\" title=\"\">            <\/li>\n\n        \n            <li style=\"min-height: 0px;\">\n                <img decoding=\"async\" src=\"https:\/\/baumarkt-vreden.de\/wp-content\/uploads\/2020\/11\/anke_elling.png\" alt=\"Anke Elling\" title=\"\">            <\/li>\n\n        \n            <li style=\"min-height: 0px;\">\n                <img decoding=\"async\" src=\"https:\/\/baumarkt-vreden.de\/wp-content\/uploads\/2022\/03\/Michael-Damann.png\" alt=\"Michael Damann\" title=\"\">            <\/li>\n\n        \n            <li style=\"min-height: 0px;\">\n                <img decoding=\"async\" src=\"https:\/\/baumarkt-vreden.de\/wp-content\/uploads\/2020\/06\/claudia_goering.png\" alt=\"Claudia G\u00f6ring\" title=\"\">            <\/li>\n\n        \n            <li style=\"min-height: 0px;\">\n                <img decoding=\"async\" src=\"https:\/\/baumarkt-vreden.de\/wp-content\/uploads\/2022\/03\/Manuel.png\" alt=\"Manuel Schluck\" title=\"\">            <\/li>\n\n        \n            <li style=\"min-height: 0px;\">\n                <img decoding=\"async\" src=\"https:\/\/baumarkt-vreden.de\/wp-content\/uploads\/2020\/08\/Jana.png\" alt=\"Jana Wortmann\" title=\"\">            <\/li>\n\n            <\/ul>\n\n        <a href=\"#\" class=\"uk-slidenav uk-slidenav-contrast uk-slidenav-previous uk-hidden-touch\" data-uk-slideshow-item=\"previous\"><\/a>\n    <a href=\"#\" class=\"uk-slidenav uk-slidenav-contrast uk-slidenav-next uk-hidden-touch\" data-uk-slideshow-item=\"next\"><\/a>\n    \n    \n<\/div>\n            <\/div>\n            <div class=\"uk-width-1-1\">\n        \n        <div class=\"uk-panel-body uk-text-left\" data-uk-slideshow=\"{autoplay: true }\">\n            <ul class=\"uk-slideshow\">\n                \n                <li>\n\n                    \n                                        <div class=\" uk-margin-top\">\n<p class=\"ap-fuer\"><strong>LEITUNG &#038; IHR ANSPRECHPARTNER F\u00dcR<br>BAUELEMENTE.<\/strong><\/p>\n\n\n\n<p class=\"ap-standort\"><em><em>Baustoffhandel Vreden<\/em><\/em><\/p>\n\n\n\n<h4 class=\"ap-name wp-block-heading\">Markus Hubbeling<br><em>Leitung &#038; Berater Bauelemente<\/em><\/h4>\n\n\n\n<figure class=\"wp-block-table ap-tabelle\"><table><tbody><tr><td><i class=\"fa fa-phone\" aria-hidden=\"true\"><\/i><\/td><td><a href=\"tel:+492564936512\" class=\"rank-math-link\">02564-936512<\/a><\/td><\/tr><tr><td><i class=\"fa fa-envelope\" aria-hidden=\"true\"><\/i><\/td><td><a href=\"mailto:markus.hubbeling@baufuchs-plewa.de\" class=\"rank-math-link\">markus.hubbeling@baufuchs-plewa.de<\/a><\/td><\/tr><\/tbody><\/table><\/figure>\n<\/div>\n                    \n                    \n                <\/li>\n\n            \n                <li>\n\n                    \n                                        <div class=\" uk-margin-top\">\n<p class=\"ap-fuer\"><strong>IHR ANSPRECHPARTNER F\u00dcR<br>BAUELEMENTE.<\/strong><\/p>\n\n\n\n<p class=\"ap-standort\"><em>Baustoffhandel Vreden<\/em><\/p>\n\n\n\n<h4 class=\"ap-name wp-block-heading\">Reinhard B\u00f6yer<br><em>Berater Bauelemente<\/em><\/h4>\n\n\n\n<figure class=\"wp-block-table ap-tabelle\"><table><tbody><tr><td><i class=\"fa fa-phone\" aria-hidden=\"true\"><\/i><\/td><td><a href=\"tel:+492564936538\" class=\"rank-math-link\">02564-936538<\/a><\/td><\/tr><tr><td><i class=\"fa fa-envelope\" aria-hidden=\"true\"><\/i><\/td><td><a href=\"mailto:reinhard.boeyer@baufuchs-plewa.de\" class=\"rank-math-link\">reinhard.boeyer@baufuchs-plewa.de<\/a><\/td><\/tr><\/tbody><\/table><\/figure>\n\n\n\n<p><\/p>\n<\/div>\n                    \n                    \n                <\/li>\n\n            \n                <li>\n\n                    \n                                        <div class=\" uk-margin-top\">\n<p class=\"ap-fuer\"><strong>LEITUNG &#038; IHR ANSPRECHPARTNER F\u00dcR<br>BAUELEMENTE.<\/strong><\/p>\n\n\n\n<p class=\"ap-standort\"><em><em>Baustoffhandel Vreden<\/em><\/em><\/p>\n\n\n\n<h4 class=\"ap-name wp-block-heading\">Markus Hubbeling<br><em>Leitung &#038; Berater Bauelemente<\/em><\/h4>\n\n\n\n<figure class=\"wp-block-table ap-tabelle\"><table><tbody><tr><td><i class=\"fa fa-phone\" aria-hidden=\"true\"><\/i><\/td><td><a href=\"tel:+492564936512\" class=\"rank-math-link\">02564-936512<\/a><\/td><\/tr><tr><td><i class=\"fa fa-envelope\" aria-hidden=\"true\"><\/i><\/td><td><a href=\"mailto:markus.hubbeling@baufuchs-plewa.de\" class=\"rank-math-link\">markus.hubbeling@baufuchs-plewa.de<\/a><\/td><\/tr><\/tbody><\/table><\/figure>\n<\/div>\n                    \n                    \n                <\/li>\n\n            \n                <li>\n\n                    \n                                        <div class=\" uk-margin-top\">\n<p class=\"ap-fuer\"><strong>IHRE ANSPRECHPARTNERIN F\u00dcR<br>BAUELEMENTE.<\/strong><\/p>\n\n\n\n<p class=\"ap-standort\"><em>Baustoffhandel Vreden<\/em><\/p>\n\n\n\n<h4 class=\"ap-name wp-block-heading\">Claudia G\u00f6ring<br><em>Beraterin Bauelemente<\/em><\/h4>\n\n\n\n<figure class=\"wp-block-table ap-tabelle\"><table><tbody><tr><td><i class=\"fa fa-phone\" aria-hidden=\"true\"><\/i><\/td><td><a href=\"tel:+492564936529\" class=\"rank-math-link\">02564-936529<\/a><\/td><\/tr><tr><td><i class=\"fa fa-envelope\" aria-hidden=\"true\"><\/i><\/td><td><a href=\"mailto:claudia.goering@baufuchs-plewa.de\" class=\"rank-math-link\">claudia.goering@baufuchs-plewa.de<\/a><\/td><\/tr><\/tbody><\/table><\/figure>\n<\/div>\n                    \n                    \n                <\/li>\n\n            \n                <li>\n\n                    \n                                        <div class=\" uk-margin-top\">\n<p class=\"ap-fuer\"><strong>IHRE ANSPRECHPARTNERIN F\u00dcR<br>BAUELEMENTE.<\/strong><\/p>\n\n\n\n<p class=\"ap-standort\"><em><em>Baustoffhandel Vreden<\/em><\/em><\/p>\n\n\n\n<h4 class=\"ap-name wp-block-heading\">June Heming (Azubi)<br><em>Beraterin Bauelemente<\/em><\/h4>\n\n\n\n<figure class=\"wp-block-table ap-tabelle\"><table><tbody><tr><td><i class=\"fa fa-phone\" aria-hidden=\"true\"><\/i><\/td><td><a href=\"tel:+492564936548\" class=\"rank-math-link\">02564-936548<\/a><\/td><\/tr><tr><td><i class=\"fa fa-envelope\" aria-hidden=\"true\"><\/i><\/td><td><a href=\"mailto:june.heming@baufuchs-plewa.de\" class=\"rank-math-link\">june.heming@baufuchs-plewa.de<\/a><\/td><\/tr><\/tbody><\/table><\/figure>\n<\/div>\n                    \n                    \n                <\/li>\n\n            \n                <li>\n\n                    \n                                        <div class=\" uk-margin-top\">\n<p class=\"ap-fuer\"><strong>IHRE ANSPRECHPARTNERIN F\u00dcR<br>GARTENTECHNIK, GARTENGER\u00c4TE, TIERBEDARF &#038; ERDEN.<\/strong><\/p>\n\n\n\n<p class=\"ap-standort\"><em>Bau- &#038; Gartenmarkt Vreden<\/em><\/p>\n\n\n\n<h4 class=\"ap-name wp-block-heading\">Jana Wortmann<br><em>Beraterin Gartentechnik, Gartenger\u00e4te, Tierbedarf &#038; Erden<\/em><\/h4>\n\n\n\n<figure class=\"wp-block-table ap-tabelle\"><table><tbody><tr><td><i class=\"fa fa-phone\" aria-hidden=\"true\"><\/i><\/td><td><a href=\"tel:+492564936562\" class=\"rank-math-link\">02564-936562<\/a><\/td><\/tr><tr><td><i class=\"fa fa-envelope\" aria-hidden=\"true\"><\/i><\/td><td><a href=\"mailto:jana.wortmann@baufuchs-plewa.de\" class=\"rank-math-link\">jana.wortmann@baufuchs-plewa.de<\/a><\/td><\/tr><\/tbody><\/table><\/figure>\n\n\n\n<p><\/p>\n<\/div>\n                    \n                    \n                <\/li>\n\n                        <\/ul>\n\n            \n        <\/div>\n\n                    <\/div>\n        <\/div>\n        \n    <\/div>\n<\/div>\n\n<script>\n\n    (function($){\n\n        var settings   = {\"panel\":\"blank\",\"nav\":\"none\",\"nav_overlay\":true,\"nav_align\":\"center\",\"thumbnail_width\":\"70\",\"thumbnail_height\":\"70\",\"thumbnail_alt\":false,\"slidenav\":\"default\",\"nav_contrast\":true,\"animation\":\"swipe\",\"slices\":\"15\",\"duration\":\"500\",\"autoplay\":true,\"interval\":\"7000\",\"autoplay_pause\":true,\"kenburns\":false,\"kenburns_animation\":\"\",\"kenburns_duration\":\"15\",\"fullscreen\":false,\"min_height\":\"0\",\"media\":true,\"image_width\":\"auto\",\"image_height\":\"auto\",\"media_align\":\"top\",\"media_width\":\"1-2\",\"media_breakpoint\":\"medium\",\"content_align\":true,\"title\":false,\"content\":true,\"title_size\":\"h3\",\"content_size\":\"\",\"text_align\":\"left\",\"link\":false,\"link_style\":\"button\",\"link_text\":\"Read more\",\"badge\":false,\"badge_style\":\"badge\",\"link_target\":false,\"class\":\"\",\"id\":\"7eb\"},\n            container  = $('#wk-7eb'),\n            slideshows = container.find('[data-uk-slideshow]');\n\n        if (slideshows.length > 1) {\n            container.on('beforeshow.uk.slideshow', function(e, next) {\n                slideshows.not(next.closest('[data-uk-slideshow]')[0]).data('slideshow').show(next.index());\n            });\n        }\n\n        if (settings.autoplay && settings.autoplay_pause) {\n\n            container.on({\n                mouseenter: function() {\n                    slideshows.each(function(){\n                        $(this).data('slideshow').stop();\n                    });\n                },\n                mouseleave: function() {\n                    slideshows.each(function(){\n                        $(this).data('slideshow').start();\n                    });\n                }\n            });\n        }\n\n    })(jQuery);\n\n<\/script>\n\n<\/div>\n<div class=\"sidebar-standorte\">\n\n\n\n<h6 class=\"wp-block-heading\">UNSER SORTIMENT:<\/h6>\n\n\n\n<ul class=\"wp-block-list\"><li>Laminat<\/li><li>Parkett<\/li><li>Vinyl<\/li><\/ul>\n\n\n\n<\/div>\n\n\n\n\n<\/div>\n\n\n\n<div class=\"wp-block-column is-layout-flow wp-block-column-is-layout-flow\" style=\"flex-basis:66.66%\">\n<h2 class=\"wp-block-heading\">B\u00f6den<\/h2>\n\n\n\n<p>Bodenbel\u00e4ge &nbsp;sind das Grundelement jeder Raumgestaltung. &nbsp;<br>Ob Parkett-, Vinyl- oder&nbsp;Laminatb\u00f6den &#8211; wir &nbsp;f\u00fchren eine gro\u00dfe Auswahl.<br>Unsere B\u00f6den beziehen wir von namhaften Herstellern in unterschiedlichen Dekoren, St\u00e4rken, Oberfl\u00e4chen und Farben. Bei uns finden Sie den Boden, der am besten zu Ihren R\u00e4umen passt.<br>Unser Fachpersonal ber\u00e4t individuell und kompetent und&nbsp; gibt Ihnen gerne Tipps&nbsp; zum Verlegen.<br>Lassen Sie sich von unserem Angebot inspirieren.<\/p>\n\n\n\n<p><strong>Unser Rundum sorglos Service<\/strong>:<\/p>\n\n\n\n<ul class=\"no-margin-list wp-block-list\"><li>Kostenfreie Beratung in unserer Ausstellung<\/li><li>Kostenfreie Beratung auch bei Ihnen zu Hause<\/li><li>Aufma\u00df vor Ort<\/li><li>Lieferservice<\/li><li>Montage<\/li><li>Entsorgung<\/li><\/ul>\n\n\n\n<div class=\"wp-block-columns img-block is-layout-flex wp-container-core-columns-is-layout-9d6595d7 wp-block-columns-is-layout-flex\">\n<div class=\"wp-block-column is-layout-flow wp-block-column-is-layout-flow\">\n<figure class=\"wp-block-image size-large\"><img decoding=\"async\" src=\"\/wp-content\/uploads\/2020\/07\/boeden_laminat.jpg\" alt=\"\" title=\"\"><figcaption>Laminat<\/figcaption><\/figure>\n\n\n\n<figure class=\"wp-block-image size-large\"><img decoding=\"async\" src=\"\/wp-content\/uploads\/2020\/08\/boeden_vinyl-1024x972.jpg\" alt=\"\" title=\"\"><figcaption>Vinyl<\/figcaption><\/figure>\n<\/div>\n\n\n\n<div class=\"wp-block-column is-layout-flow wp-block-column-is-layout-flow\">\n<figure class=\"wp-block-image size-large\"><img decoding=\"async\" src=\"\/wp-content\/uploads\/2020\/07\/boeden_parkett.jpg\" alt=\"\" title=\"\"><figcaption>Parkett<\/figcaption><\/figure>\n<\/div>\n<\/div>\n\n\n<\/div>\n<\/div>\n","protected":false},"excerpt":{"rendered":"<p>UNSER SORTIMENT: Laminat Parkett Vinyl B\u00f6den Bodenbel\u00e4ge &nbsp;sind das Grundelement jeder Raumgestaltung. &nbsp;Ob Parkett-, Vinyl- oder&nbsp;Laminatb\u00f6den &#8211; wir &nbsp;f\u00fchren eine gro\u00dfe Auswahl.Unsere B\u00f6den beziehen wir von namhaften Herstellern in unterschiedlichen Dekoren, St\u00e4rken, Oberfl\u00e4chen und Farben. Bei uns finden Sie den Boden, der am besten zu Ihren R\u00e4umen passt.Unser Fachpersonal ber\u00e4t individuell und kompetent und&nbsp; gibt [&hellip;]<\/p>\n","protected":false},"author":1,"featured_media":0,"parent":13,"menu_order":60,"comment_status":"closed","ping_status":"closed","template":"","meta":{"_acf_changed":false,"_uag_custom_page_level_css":"","footnotes":""},"class_list":["post-24","page","type-page","status-publish","hentry"],"acf":[],"uagb_featured_image_src":{"full":false,"thumbnail":false,"medium":false,"medium_large":false,"large":false,"1536x1536":false,"2048x2048":false},"uagb_author_info":{"display_name":"bandf","author_link":"https:\/\/baumarkt-vreden.de\/nl\/author\/bandf\/"},"uagb_comment_info":0,"uagb_excerpt":"UNSER SORTIMENT: Laminat Parkett Vinyl B\u00f6den Bodenbel\u00e4ge &nbsp;sind das Grundelement jeder Raumgestaltung. &nbsp;Ob Parkett-, Vinyl- oder&nbsp;Laminatb\u00f6den &#8211; wir &nbsp;f\u00fchren eine gro\u00dfe Auswahl.Unsere B\u00f6den beziehen wir von namhaften Herstellern in unterschiedlichen Dekoren, St\u00e4rken, Oberfl\u00e4chen und Farben. Bei uns finden Sie den Boden, der am besten zu Ihren R\u00e4umen passt.Unser Fachpersonal ber\u00e4t individuell und kompetent und&nbsp; gibt&hellip;","_links":{"self":[{"href":"https:\/\/baumarkt-vreden.de\/nl\/wp-json\/wp\/v2\/pages\/24","targetHints":{"allow":["GET"]}}],"collection":[{"href":"https:\/\/baumarkt-vreden.de\/nl\/wp-json\/wp\/v2\/pages"}],"about":[{"href":"https:\/\/baumarkt-vreden.de\/nl\/wp-json\/wp\/v2\/types\/page"}],"author":[{"embeddable":true,"href":"https:\/\/baumarkt-vreden.de\/nl\/wp-json\/wp\/v2\/users\/1"}],"replies":[{"embeddable":true,"href":"https:\/\/baumarkt-vreden.de\/nl\/wp-json\/wp\/v2\/comments?post=24"}],"version-history":[{"count":19,"href":"https:\/\/baumarkt-vreden.de\/nl\/wp-json\/wp\/v2\/pages\/24\/revisions"}],"predecessor-version":[{"id":3480,"href":"https:\/\/baumarkt-vreden.de\/nl\/wp-json\/wp\/v2\/pages\/24\/revisions\/3480"}],"up":[{"embeddable":true,"href":"https:\/\/baumarkt-vreden.de\/nl\/wp-json\/wp\/v2\/pages\/13"}],"wp:attachment":[{"href":"https:\/\/baumarkt-vreden.de\/nl\/wp-json\/wp\/v2\/media?parent=24"}],"curies":[{"name":"wp","href":"https:\/\/api.w.org\/{rel}","templated":true}]}}