{"id":25,"date":"2020-05-20T11:13:16","date_gmt":"2020-05-20T09:13:16","guid":{"rendered":"https:\/\/plewa.brands-and-friends.de\/kontakt\/unternehmen\/"},"modified":"2021-11-05T12:39:15","modified_gmt":"2021-11-05T11:39:15","slug":"unternehmen","status":"publish","type":"page","link":"https:\/\/baumarkt-vreden.de\/nl\/kontakt\/unternehmen\/","title":{"rendered":"Unternehmen"},"content":{"rendered":"\n<figure class=\"wp-block-image size-large subpage-header\"><img decoding=\"async\" src=\"\/wp-content\/uploads\/2020\/08\/unternehmen_header-scaled.jpg\" alt=\"\" title=\"\"><\/figure>\n\n\n\n<div class=\"fixed-size content-container garten-container\">\n<!-- Widget Shortcode --><div id=\"bcn_widget-2\" class=\"widget widget_breadcrumb_navxt widget-shortcode area-arbitrary \"><div class=\"breadcrumbs\" vocab=\"https:\/\/schema.org\/\" typeof=\"BreadcrumbList\"><span property=\"itemListElement\" typeof=\"ListItem\"><a property=\"item\" typeof=\"WebPage\" title=\"Go to BAUFUCHS Plewa - Baumarkt Vreden.\" href=\"https:\/\/baumarkt-vreden.de\/nl\" class=\"home\" ><span property=\"name\">BAUFUCHS Plewa - Baumarkt Vreden<\/span><\/a><meta property=\"position\" content=\"1\"><\/span>&gt;<span property=\"itemListElement\" typeof=\"ListItem\"><a property=\"item\" typeof=\"WebPage\" title=\"Go to Startseite.\" href=\"https:\/\/baumarkt-vreden.de\/nl\/startseite\/\" class=\"post-root post post-post\" aria-current=\"page\"><span property=\"name\">Startseite<\/span><\/a><meta property=\"position\" content=\"2\"><\/span><\/div><\/div><!-- \/Widget Shortcode -->\n\n\n\n<h2 class=\"wp-block-heading\">BAUFUCHS PLEWA<br><em>WIR SIND IHR PARTNER RUND UMS BAUEN.<\/em><\/h2>\n\n\n\n<p>Wir sind ein regionales Familienunternehmen und bereits seit 1951 f\u00fcr Firmen \u2013 und Privatkunden in der Baumarkt- &#038; Baustoffbranche t\u00e4tig. Bei uns werden Werte wie fachliche Kompetenz, pers\u00f6nlicher Kontakt und hochwertige Ware gro\u00df geschrieben.<\/p>\n\n\n\n<\/div>\n<div class=\"unternehmen-grey\">\n<div class=\"fixed-size content-container garten-container\">\n\n\n\n<h2 class=\"wp-block-heading\">UNSERE HISTORIE<\/h2>\n\n\n\n<div class=\"wp-block-columns is-layout-flex wp-container-core-columns-is-layout-9d6595d7 wp-block-columns-is-layout-flex\">\n<div class=\"wp-block-column is-layout-flow wp-block-column-is-layout-flow\" style=\"flex-basis:66.66%\">\n<p><em>1951<\/em><br>Gr\u00fcndung der Firma Wilhelm Plewa, Baustoffhandlung, Butenwall, Vreden<\/p>\n\n\n\n<p><em>1956<\/em><br>Umzug zur W\u00fcllener Str. 280 und Erweiterung um die Sortimente Kohle und Heiz\u00f6l<\/p>\n\n\n\n<p><em>1971<\/em><br>Errichtung eines kleinen Baufachmarktes in den R\u00e4umen der Kohlehandlung<\/p>\n\n\n\n<p><em>1975<\/em><br>Erweiterung des Baumarktes<\/p>\n\n\n\n<p><em>1981<\/em><br>Tod des Inhabers Wilhelm Plewa,<br>vor\u00fcbergehende Gesch\u00e4ftsf\u00fchrung durch dessen Ehefrau Edith Plewa<\/p>\n\n\n\n<p><em>1983<\/em><br>Umwandlung in die Baumarkt Plewa GmbH, Gesch\u00e4ftsf\u00fchrer Matthias Plewa<\/p>\n\n\n\n<p><em>1989<\/em><br>Erweiterung des Betriebsgel\u00e4ndes um die benachbarte Tankstelle\/Autowerkstatt<\/p>\n\n\n\n<p><em>1999<\/em><br>Neubau bei gleichzeitiger Teilung des Gesch\u00e4ftes in Baumarkt-Einzelhandel und Baustoff- und Bauelemente-Gro\u00dfhandel mit den Anschriften W\u00fcllenener Str. 76-78 und W\u00fcllener Str. 89-91<\/p>\n\n\n\n<p><em>2004<\/em><br>Angliederung von Leppings Gartenmarkt an den Baumarkt<\/p>\n\n\n\n<p><em>2008<\/em><br>Brand in der Baustoffhandlung und im Verwaltungsgeb\u00e4ude durch<br>Brandstiftung im November<\/p>\n\n\n\n<p><em>2009<\/em><br>Wiederer\u00f6ffnung der Baustoffhandlung im April<br>Erg\u00e4nzung des Sortiments um eine Tierfutter- und Pflegemittelabteilung<\/p>\n\n\n\n<p><em>2013<\/em><br>Er\u00f6ffnung der Baustoffhandlung in Ledgen<\/p>\n\n\n\n<p><em>2018<\/em><br>Erweiterung einer Betontankstelle<\/p>\n\n\n\n<p><em>2019<\/em><br>Erweiterung um die T\u00fcrenhalle<\/p>\n\n\n\n<p><em>2020<\/em><br>Neuer\u00f6ffnung Gartenmarkt in Eigenregie<\/p>\n<\/div>\n\n\n\n<div class=\"wp-block-column is-layout-flow wp-block-column-is-layout-flow\" style=\"flex-basis:33.33%\">\n<figure class=\"wp-block-image size-large\"><img decoding=\"async\" src=\"\/wp-content\/uploads\/2020\/09\/plewa-gruender-1.png\" alt=\"\" title=\"\"><figcaption><strong>Wilhelm Plewa<\/strong><br>1914 &#8211; 1981<\/figcaption><\/figure>\n\n\n\n<figure class=\"wp-block-image size-large\"><img decoding=\"async\" src=\"\/wp-content\/uploads\/2020\/09\/plewa-gruender-2.png\" alt=\"\" title=\"\"><figcaption><strong>Edith Plewa<\/strong><br>1920 &#8211; 2010<\/figcaption><\/figure>\n<\/div>\n<\/div>\n\n\n\n<p><\/p>\n\n\n\n<\/div>\n<\/div>\n\n\n\n<div class=\"green-bg\">\n<div class=\"fixed-size content-container garten-container\">\n\n\n\n<div class=\"wp-block-columns is-layout-flex wp-container-core-columns-is-layout-9d6595d7 wp-block-columns-is-layout-flex\">\n<div class=\"wp-block-column is-layout-flow wp-block-column-is-layout-flow\">\n<h2 class=\"wp-block-heading\">Soziales<br>Engagement<\/h2>\n\n\n\n<p>Wir unterst\u00fctzen unsere Gemeinde neben Produkten und Dienstleistungen mit der F\u00f6rderung von Projekten und Vereinen. Langj\u00e4hrige Beziehungen pr\u00e4gen unser soziales Engagement.<\/p>\n<\/div>\n\n\n\n<div class=\"wp-block-column is-layout-flow wp-block-column-is-layout-flow\">\n<figure class=\"wp-block-image size-large\"><img decoding=\"async\" src=\"\/wp-content\/uploads\/2020\/08\/baufuchs.png\" alt=\"\" title=\"\"><\/figure>\n\n\n\n<p><\/p>\n<\/div>\n<\/div>\n\n\n\n\n\n<div id=\"wk-gridcab\" class=\"uk-grid-width-1-1 uk-grid-width-small-1-1 uk-grid-width-medium-1-2 uk-grid-width-large-1-2 uk-grid-width-xlarge-1-2 uk-grid uk-grid-match uk-text-left \" data-uk-grid-match=\"{target:'> div > .uk-panel', row:true}\" data-uk-grid-margin >\n\n\n    <div>\n        <div class=\"uk-panel\">\n\n                        <a class=\"uk-position-cover uk-position-z-index\" href=\"https:\/\/alv-vreden.jimdofree.com\" title=\"AKTION LEBENSHILFE VREDEN E.V.\" target=\"_blank\" rel=\"noopener\"><\/a>\n            \n            \n            \n            \n                        <h3 class=\"uk-panel-title\">\n\n                                    <a class=\"uk-link-reset\" href=\"https:\/\/alv-vreden.jimdofree.com\" target=\"_blank\" rel=\"noopener\">AKTION LEBENSHILFE VREDEN E.V.<\/a>\n                \n                \n            <\/h3>\n            \n            \n                        <div class=\"uk-margin uk-text-center\"><img fetchpriority=\"high\" decoding=\"async\" src=\"\/wp-content\/uploads\/2020\/09\/lebenshilfe.png\" alt=\"AKTION LEBENSHILFE VREDEN E.V.\" width=\"602\" height=\"315\" title=\"\"><\/div>\n            \n            \n            \n            \n            \n        <\/div>\n    <\/div>\n\n\n    <div>\n        <div class=\"uk-panel\">\n\n                        <a class=\"uk-position-cover uk-position-z-index\" href=\"https:\/\/rgzv-vreden.chayns.net\" title=\"RASSEGEFL\u00dcGELZUCHTVEREIN VREDEN\" target=\"_blank\" rel=\"noopener\"><\/a>\n            \n            \n            \n            \n                        <h3 class=\"uk-panel-title\">\n\n                                    <a class=\"uk-link-reset\" href=\"https:\/\/rgzv-vreden.chayns.net\" target=\"_blank\" rel=\"noopener\">RASSEGEFL\u00dcGELZUCHTVEREIN VREDEN<\/a>\n                \n                \n            <\/h3>\n            \n            \n                        <div class=\"uk-margin uk-text-center\"><img decoding=\"async\" src=\"\/wp-content\/uploads\/2020\/09\/huehner.png\" alt=\"RASSEGEFL\u00dcGELZUCHTVEREIN VREDEN\" width=\"602\" height=\"315\" title=\"\"><\/div>\n            \n            \n            \n            \n            \n        <\/div>\n    <\/div>\n\n\n    <div>\n        <div class=\"uk-panel\">\n\n                        <a class=\"uk-position-cover uk-position-z-index\" href=\"https:\/\/www.klein-koeln.de\" title=\"KARNEVALSVEREIN KLEIN K\u00d6LN\" target=\"_blank\" rel=\"noopener\"><\/a>\n            \n            \n            \n            \n                        <h3 class=\"uk-panel-title\">\n\n                                    <a class=\"uk-link-reset\" href=\"https:\/\/www.klein-koeln.de\" target=\"_blank\" rel=\"noopener\">KARNEVALSVEREIN KLEIN K\u00d6LN<\/a>\n                \n                \n            <\/h3>\n            \n            \n                        <div class=\"uk-margin uk-text-center\"><img decoding=\"async\" src=\"\/wp-content\/uploads\/2020\/09\/karneval.png\" alt=\"KARNEVALSVEREIN KLEIN K\u00d6LN\" width=\"602\" height=\"315\" title=\"\"><\/div>\n            \n            \n            \n            \n            \n        <\/div>\n    <\/div>\n\n\n    <div>\n        <div class=\"uk-panel\">\n\n                        <a class=\"uk-position-cover uk-position-z-index\" href=\"https:\/\/www.spvgg-vreden.de\" title=\"SPIELVEREINIGUNG VREDEN\" target=\"_blank\" rel=\"noopener\"><\/a>\n            \n            \n            \n            \n                        <h3 class=\"uk-panel-title\">\n\n                                    <a class=\"uk-link-reset\" href=\"https:\/\/www.spvgg-vreden.de\" target=\"_blank\" rel=\"noopener\">SPIELVEREINIGUNG VREDEN<\/a>\n                \n                \n            <\/h3>\n            \n            \n                        <div class=\"uk-margin uk-text-center\"><img loading=\"lazy\" decoding=\"async\" src=\"\/wp-content\/uploads\/2020\/09\/spvggvreden.png\" alt=\"SPIELVEREINIGUNG VREDEN\" width=\"602\" height=\"315\" title=\"\"><\/div>\n            \n            \n            \n            \n            \n        <\/div>\n    <\/div>\n\n\n    <div>\n        <div class=\"uk-panel\">\n\n                        <a class=\"uk-position-cover uk-position-z-index\" href=\"https:\/\/www.m\u00e4nnerchor-vreden.com\" title=\"M\u00c4NNERCHOR\" target=\"_blank\" rel=\"noopener\"><\/a>\n            \n            \n            \n            \n                        <h3 class=\"uk-panel-title\">\n\n                                    <a class=\"uk-link-reset\" href=\"https:\/\/www.m\u00e4nnerchor-vreden.com\" target=\"_blank\" rel=\"noopener\">M\u00c4NNERCHOR<\/a>\n                \n                \n            <\/h3>\n            \n            \n                        <div class=\"uk-margin uk-text-center\"><img loading=\"lazy\" decoding=\"async\" src=\"\/wp-content\/uploads\/2020\/09\/maennerchor.png\" alt=\"M\u00c4NNERCHOR\" width=\"602\" height=\"315\" title=\"\"><\/div>\n            \n            \n            \n            \n            \n        <\/div>\n    <\/div>\n\n\n    <div>\n        <div class=\"uk-panel\">\n\n                        <a class=\"uk-position-cover uk-position-z-index\" href=\"http:\/\/www.fcvreden52.de\" title=\"FC VREDEN 52 E.V.\" target=\"_blank\" rel=\"noopener\"><\/a>\n            \n            \n            \n            \n                        <h3 class=\"uk-panel-title\">\n\n                                    <a class=\"uk-link-reset\" href=\"http:\/\/www.fcvreden52.de\" target=\"_blank\" rel=\"noopener\">FC VREDEN 52 E.V.<\/a>\n                \n                \n            <\/h3>\n            \n            \n                        <div class=\"uk-margin uk-text-center\"><img loading=\"lazy\" decoding=\"async\" src=\"\/wp-content\/uploads\/2020\/09\/fcvreden.png\" alt=\"FC VREDEN 52 E.V.\" width=\"602\" height=\"315\" title=\"\"><\/div>\n            \n            \n            \n            \n            \n        <\/div>\n    <\/div>\n\n\n<\/div>\n\n<script>\n(function($){\n\n    \/\/ get the images of the gallery and replace it by a canvas of the same size to fix the problem with overlapping images on load.\n    $('img[width][height]:not(.uk-overlay-panel)', $('#wk-gridcab')).each(function() {\n\n        var $img = $(this);\n\n        if (this.width == 'auto' || this.height == 'auto' || !$img.is(':visible')) {\n            return;\n        }\n\n        var $canvas = $('<canvas class=\"uk-responsive-width\"><\/canvas>').attr({width:$img.attr('width'), height:$img.attr('height')}),\n            img = new Image,\n            release = function() {\n                $canvas.remove();\n                $img.css('display', '');\n                release = function(){};\n            };\n\n        $img.css('display', 'none').after($canvas);\n\n        $(img).on('load', function(){ release(); });\n        setTimeout(function(){ release(); }, 1000);\n\n        img.src = this.src;\n\n    });\n\n})(jQuery);\n<\/script>\n\n<\/div>\n<\/div>\n","protected":false},"excerpt":{"rendered":"<p>BAUFUCHS PLEWAWIR SIND IHR PARTNER RUND UMS BAUEN. Wir sind ein regionales Familienunternehmen und bereits seit 1951 f\u00fcr Firmen \u2013 und Privatkunden in der Baumarkt- &#038; Baustoffbranche t\u00e4tig. Bei uns werden Werte wie fachliche Kompetenz, pers\u00f6nlicher Kontakt und hochwertige Ware gro\u00df geschrieben. UNSERE HISTORIE 1951Gr\u00fcndung der Firma Wilhelm Plewa, Baustoffhandlung, Butenwall, Vreden 1956Umzug zur W\u00fcllener [&hellip;]<\/p>\n","protected":false},"author":1,"featured_media":0,"parent":18,"menu_order":10,"comment_status":"closed","ping_status":"closed","template":"","meta":{"_acf_changed":false,"_uag_custom_page_level_css":"","footnotes":""},"class_list":["post-25","page","type-page","status-publish","hentry"],"acf":[],"uagb_featured_image_src":{"full":false,"thumbnail":false,"medium":false,"medium_large":false,"large":false,"1536x1536":false,"2048x2048":false},"uagb_author_info":{"display_name":"bandf","author_link":"https:\/\/baumarkt-vreden.de\/nl\/author\/bandf\/"},"uagb_comment_info":0,"uagb_excerpt":"BAUFUCHS PLEWAWIR SIND IHR PARTNER RUND UMS BAUEN. Wir sind ein regionales Familienunternehmen und bereits seit 1951 f\u00fcr Firmen \u2013 und Privatkunden in der Baumarkt- &#038; Baustoffbranche t\u00e4tig. Bei uns werden Werte wie fachliche Kompetenz, pers\u00f6nlicher Kontakt und hochwertige Ware gro\u00df geschrieben. UNSERE HISTORIE 1951Gr\u00fcndung der Firma Wilhelm Plewa, Baustoffhandlung, Butenwall, Vreden 1956Umzug zur W\u00fcllener&hellip;","_links":{"self":[{"href":"https:\/\/baumarkt-vreden.de\/nl\/wp-json\/wp\/v2\/pages\/25","targetHints":{"allow":["GET"]}}],"collection":[{"href":"https:\/\/baumarkt-vreden.de\/nl\/wp-json\/wp\/v2\/pages"}],"about":[{"href":"https:\/\/baumarkt-vreden.de\/nl\/wp-json\/wp\/v2\/types\/page"}],"author":[{"embeddable":true,"href":"https:\/\/baumarkt-vreden.de\/nl\/wp-json\/wp\/v2\/users\/1"}],"replies":[{"embeddable":true,"href":"https:\/\/baumarkt-vreden.de\/nl\/wp-json\/wp\/v2\/comments?post=25"}],"version-history":[{"count":16,"href":"https:\/\/baumarkt-vreden.de\/nl\/wp-json\/wp\/v2\/pages\/25\/revisions"}],"predecessor-version":[{"id":3706,"href":"https:\/\/baumarkt-vreden.de\/nl\/wp-json\/wp\/v2\/pages\/25\/revisions\/3706"}],"up":[{"embeddable":true,"href":"https:\/\/baumarkt-vreden.de\/nl\/wp-json\/wp\/v2\/pages\/18"}],"wp:attachment":[{"href":"https:\/\/baumarkt-vreden.de\/nl\/wp-json\/wp\/v2\/media?parent=25"}],"curies":[{"name":"wp","href":"https:\/\/api.w.org\/{rel}","templated":true}]}}